{"id":1774,"date":"2018-09-27T07:52:54","date_gmt":"2018-09-27T05:52:54","guid":{"rendered":"http:\/\/srvwww1.cai.internal\/?page_id=1774"},"modified":"2025-01-03T15:07:13","modified_gmt":"2025-01-03T14:07:13","slug":"ochrana-osobnich-udaju","status":"publish","type":"page","link":"https:\/\/www.cai.cz\/?page_id=1774","title":{"rendered":"Ochrana osobn\u00edch \u00fadaj\u016f"},"content":{"rendered":"\n<h3 class=\"wp-block-heading\">INFORMACE O ZPRACOV\u00c1N\u00cd OSOBN\u00cdCH \u00daDAJ\u016e<\/h3>\n\n\n\n<p>poskytovan\u00e9 podle \u010dl. 13 a 14 na\u0159\u00edzen\u00ed Evropsk\u00e9ho parlamentu a Rady \n(EU) 2016\/679 ze dne 27. dubna 2016 o&nbsp;ochran\u011b fyzick\u00fdch osob v \nsouvislosti se zpracov\u00e1n\u00edm osobn\u00edch \u00fadaj\u016f a o voln\u00e9m pohybu t\u011bchto \u00fadaj\u016f\n a o zru\u0161en\u00ed sm\u011brnice 95\/46\/ES (obecn\u00e9 na\u0159\u00edzen\u00ed o&nbsp;ochran\u011b osobn\u00edch \n\u00fadaj\u016f)<\/p>\n\n\n\n<h3 class=\"wp-block-heading\">I.&nbsp;&nbsp;&nbsp;&nbsp; Spr\u00e1vce osobn\u00edch \u00fadaj\u016f<\/h3>\n\n\n\n<p>\u010cesk\u00fd institut pro akreditaci, o.p.s., se s\u00eddlem H\u00e1jkova 2747\/22, \u017di\u017ekov, 130 00 Praha 3, I\u010cO: 25677675, zapsan\u00e1 ve Ve\u0159ejn\u00e9m rejst\u0159\u00edku pod  spisovou zna\u010dkou O 47 u M\u011bstsk\u00e9ho soudu v\u00a0Praze, email: <a href=\"mailto:mail@cai.cz\">mail@cai.cz<\/a>, identifik\u00e1tor datov\u00e9 schr\u00e1nky: c4cnq5k (d\u00e1le jen &#8222;\u010cIA&#8220;).<\/p>\n\n\n\n<p>\u010cIA je obecn\u011b prosp\u011b\u0161nou spole\u010dnost\u00ed zalo\u017eenou \u010ceskou republikou \nzastoupenou Ministerstvem pr\u016fmyslu a obchodu, jej\u00ed\u017e hlavn\u00ed \u010dinnost\u00ed je:<\/p>\n\n\n\n<ul class=\"wp-block-list\">\n<li>posuzov\u00e1n\u00ed a&nbsp;osv\u011bd\u010dov\u00e1n\u00ed odborn\u00e9 zp\u016fsobilosti ke zkou\u0161en\u00ed, \nkalibraci, inspekci, certifikaci syst\u00e9m\u016f managementu, certifikaci osob, \ncertifikaci produkt\u016f (v\u010detn\u011b slu\u017eeb), pop\u0159\u00edpad\u011b k&nbsp;jin\u00fdm \u010dinnostem, na \nn\u011b\u017e se vztahuj\u00ed akredita\u010dn\u00ed krit\u00e9ria stanoven\u00e1 mezin\u00e1rodn\u011b uzn\u00e1van\u00fdmi \nnormativn\u00edmi dokumenty;<\/li>\n\n\n\n<li>akreditace subjekt\u016f poskytuj\u00edc\u00edch n\u00e1sleduj\u00edc\u00ed slu\u017eby posuzov\u00e1n\u00ed \nshody; zkou\u0161en\u00ed, kalibraci, inspekci, certifikaci syst\u00e9m\u016f managementu, \ncertifikaci osob, certifikaci produkt\u016f (v\u010detn\u011b slu\u017eeb), pop\u0159\u00edpad\u011b jin\u00e9 \nslu\u017eby, na n\u011b\u017e se vztahuj\u00ed akredita\u010dn\u00ed krit\u00e9ria stanoven\u00e1 mezin\u00e1rodn\u011b \nuzn\u00e1van\u00fdmi normativn\u00edmi dokumenty (v\u010detn\u011b dozoru nad trval\u00fdm pln\u011bn\u00edm \nakredita\u010dn\u00edch po\u017eadavk\u016f akreditovan\u00fdmi subjekty), v&nbsp;souladu s&nbsp;po\u017eadavky \nnormativn\u00edch dokument\u016f vztahuj\u00edc\u00edmi se k&nbsp;akreditaci (zejm\u00e9na \u010cSN EN \nISO\/IEC 17011) a&nbsp;dokument\u016f mezin\u00e1rodn\u00edch organizac\u00ed zab\u00fdvaj\u00edc\u00edch se \nakreditac\u00ed, a&nbsp;to jako N\u00e1rodn\u00ed akredita\u010dn\u00ed org\u00e1n \u010cesk\u00e9 republiky;<\/li>\n\n\n\n<li>akreditace subjekt\u016f posuzov\u00e1n\u00ed shody na z\u00e1klad\u011b pov\u011b\u0159en\u00ed k&nbsp;prov\u00e1d\u011bn\u00ed\n akreditace podle \u00a7 15 odst. 1 z\u00e1kona \u010d. 22\/1997 Sb., o&nbsp;technick\u00fdch \npo\u017eadavc\u00edch na v\u00fdrobky, ve zn\u011bn\u00ed pozd\u011bj\u0161\u00edch p\u0159edpis\u016f, ve smyslu tohoto \nz\u00e1kona a&nbsp;na\u0159\u00edzen\u00ed Evropsk\u00e9ho parlamentu a&nbsp;Rady (ES) \u010d. 765\/2008, \np\u0159\u00edpadn\u011b na n\u011b se odvol\u00e1vaj\u00edc\u00edch pr\u00e1vn\u00edch p\u0159edpis\u016f;<\/li>\n\n\n\n<li>akreditace environment\u00e1ln\u00edch ov\u011b\u0159ovatel\u016f v&nbsp;r\u00e1mci programu EMAS;<\/li>\n\n\n\n<li>poskytov\u00e1n\u00ed informac\u00ed souvisej\u00edc\u00edch s&nbsp;poskytovan\u00fdmi obecn\u011b prosp\u011b\u0161n\u00fdmi slu\u017ebami;<\/li>\n<\/ul>\n\n\n\n<p>zaji\u0161\u0165ov\u00e1n\u00ed \u00fakol\u016f tvorby \u010desk\u00fdch technick\u00fdch norem upravuj\u00edc\u00edch krit\u00e9ria pro org\u00e1ny posuzov\u00e1n\u00ed shody a norem souvisej\u00edc\u00edch.<\/p>\n\n\n\n<h3 class=\"wp-block-heading\">II.&nbsp;&nbsp; Kategorie subjekt\u016f \u00fadaj\u016f<\/h3>\n\n\n\n<p>\u00da\u010delem zpracov\u00e1n\u00ed osobn\u00edch \u00fadaj\u016f je prov\u00e1d\u011bn\u00ed akreditace subjekt\u016f \nposuzov\u00e1n\u00ed shody &#8211; \u010dinnosti org\u00e1nu ve\u0159ejn\u00e9 moci, jej\u00edm\u017e prov\u00e1d\u011bn\u00edm je \n\u010cIA pov\u011b\u0159en<a href=\"http:\/\/www.cai.cz\/o-nas\/ochrana-osobnich-udaju.aspx#_edn1\">[i]<\/a>.\n Vedle \u00fadaj\u016f nezbytn\u00fdch k&nbsp;prov\u00e1d\u011bn\u00ed akreditace \u010cIA zpracov\u00e1v\u00e1 osobn\u00ed \n\u00fadaje za \u00fa\u010delem&nbsp;pln\u011bn\u00ed povinnost\u00ed akredita\u010dn\u00edho org\u00e1nu &#8211; org\u00e1nu ve\u0159ejn\u00e9 \nmoci, veden\u00ed evidence jedn\u00e1n\u00ed o&nbsp;uzav\u0159en\u00ed smluv a jejich pln\u011bn\u00ed, \nposkytov\u00e1n\u00ed informac\u00ed spojen\u00fdch s&nbsp;akreditac\u00ed a&nbsp;vy\u0159izov\u00e1n\u00ed korespondence.\n Po odpadnut\u00ed uveden\u00fdch prim\u00e1rn\u00edch d\u016fvod\u016f zpracov\u00e1n\u00ed \u010cIA eviduje osobn\u00ed \n\u00fadaje za \u00fa\u010delem ochrany sv\u00fdch opr\u00e1vn\u011bn\u00fdch z\u00e1jm\u016f, zejm\u00e9na k&nbsp;dokazov\u00e1n\u00ed v \np\u0159\u00edpadn\u00e9m soudn\u00edm, spr\u00e1vn\u00edm \u010di jin\u00e9m \u0159\u00edzen\u00ed.<\/p>\n\n\n\n<h3 class=\"wp-block-heading\">III.&nbsp; \u00da\u010del zpracov\u00e1n\u00ed<\/h3>\n\n\n\n<p>\u010cIA zpracov\u00e1v\u00e1 osobn\u00ed \u00fadaje vztahuj\u00edc\u00ed se k subjekt\u016fm posuzov\u00e1n\u00ed \nshody, kter\u00e9 jsou akreditovan\u00e9 nebo o&nbsp;akreditaci usiluj\u00ed, a jejich \n\u010dinnosti, pokud se jedn\u00e1 o \u00fadaje nezbytn\u00e9 k&nbsp;prov\u00e1d\u011bn\u00ed akreditace ve \nsmyslu \u00a7&nbsp;15 a n\u00e1sl. z\u00e1kona \u010d. 22\/1997 Sb., o&nbsp;technick\u00fdch po\u017eadavc\u00edch na \nv\u00fdrobky, ve zn\u011bn\u00ed pozd\u011bj\u0161\u00edch p\u0159edpis\u016f. Za \u00fa\u010delem poskytov\u00e1n\u00ed informac\u00ed a\n vy\u0159izov\u00e1n\u00ed korespondence \u010cIA zpracov\u00e1v\u00e1 osobn\u00ed \u00fadaje stran, jim\u017e maj\u00ed \nb\u00fdt informace poskytnuty a s&nbsp;nimi\u017e je komunikov\u00e1no. U uchaze\u010d\u016f \no&nbsp;zam\u011bstn\u00e1n\u00ed nebo o jinou spolupr\u00e1ci \u010cIA zpracov\u00e1v\u00e1 tak\u00e9 dal\u0161\u00ed \u00fadaje \nnezbytn\u00e9 pro posouzen\u00ed vhodnosti kandid\u00e1ta pro danou pozici \u010di roli.<\/p>\n\n\n\n<h3 class=\"wp-block-heading\">IV.&nbsp;&nbsp; Rozsah zpracov\u00e1n\u00ed<\/h3>\n\n\n\n<p>\u010cIA zpracov\u00e1v\u00e1 z\u00e1kladn\u00ed identifika\u010dn\u00ed a kontaktn\u00ed \u00fadaje subjekt\u016f \n\u00fadaj\u016f. V&nbsp;p\u0159\u00edpad\u011b, \u017ee je k&nbsp;dosa\u017een\u00ed \u00fa\u010delu obsa\u017een\u00e9ho v&nbsp;\u010dl. II. nezbytn\u00e9 \nzpracov\u00e1n\u00ed i jin\u00fdch osobn\u00edch \u00fadaj\u016f, \u010cIA je provede.<\/p>\n\n\n\n<h3 class=\"wp-block-heading\">V.&nbsp;&nbsp;&nbsp;&nbsp; Pr\u00e1vn\u00ed z\u00e1klad zpracov\u00e1n\u00ed osobn\u00edch \u00fadaj\u016f<\/h3>\n\n\n\n<p>Pr\u00e1vn\u00edm z\u00e1kladem a \u00fa\u010delem zpracov\u00e1n\u00ed osobn\u00edch \u00fadaj\u016f uveden\u00fdch v \u010dl\u00e1nku III. je: &nbsp; <\/p>\n\n\n\n<p>a)&nbsp;&nbsp;&nbsp;&nbsp;&nbsp; spln\u011bn\u00ed z\u00e1konn\u00e9 povinnosti \u010cIA; &nbsp; <\/p>\n\n\n\n<p>b)&nbsp;&nbsp;&nbsp;&nbsp;&nbsp; spln\u011bn\u00ed z\u00e1vazk\u016f plynouc\u00edch ze smlouvy (smlouva nemus\u00ed b\u00fdt uzav\u0159ena p\u00edsemn\u011b); &nbsp; <\/p>\n\n\n\n<p>c)&nbsp;&nbsp;&nbsp; &nbsp; spln\u011bn\u00ed \u00fakolu prov\u00e1d\u011bn\u00e9ho ve ve\u0159ejn\u00e9m z\u00e1jmu nebo p\u0159i v\u00fdkonu ve\u0159ejn\u00e9 moci, kter\u00fdm je \u010cIA pov\u011b\u0159en; &nbsp; <\/p>\n\n\n\n<p>d)&nbsp;&nbsp;&nbsp; &nbsp; opr\u00e1vn\u011bn\u00fd z\u00e1jem \u010cIA \u010di t\u0159et\u00ed strany (s&nbsp;v\u00fdjimkou p\u0159\u00edpad\u016f, kdy maj\u00ed p\u0159ednost z\u00e1jmy nebo z\u00e1kladn\u00ed pr\u00e1va a &nbsp; &nbsp; &nbsp; &nbsp; &nbsp;&nbsp;    <br>svobody subjektu \u00fadaj\u016f, kter\u00e1 vy\u017eaduje ochranu osobn\u00edch \u00fadaj\u016f); &nbsp; <\/p>\n\n\n\n<p>e)&nbsp;&nbsp;&nbsp;&nbsp;&nbsp; souhlas subjektu \u00fadaj\u016f se zpracov\u00e1n\u00edm. <\/p>\n\n\n\n<h3 class=\"wp-block-heading\">VI.&nbsp;&nbsp; P\u0159\u00edjemci osobn\u00edch \u00fadaj\u016f<\/h3>\n\n\n\n<p>Osobn\u00ed \u00fadaje jsou ze strany \u010cIA zpracov\u00e1v\u00e1ny v\u00fdlu\u010dn\u011b pro jeho pot\u0159ebu\n &#8211; zejm\u00e9na k&nbsp;\u0159\u00e1dn\u00e9mu prov\u00e1d\u011bn\u00ed akreditace a \u010dinnost\u00ed s&nbsp;akreditac\u00ed \nspojen\u00fdch, jako\u017e t\u00e9\u017e k&nbsp;dosa\u017een\u00ed ostatn\u00edch \u00fa\u010del\u016f vyjmenovan\u00fdch v&nbsp;\u010dl. II. \n\u010cIA zp\u0159\u00edstupn\u00ed osobn\u00ed \u00fadaje t\u0159et\u00ed stran\u011b pouze, pokud mu takovou \npovinnost ukl\u00e1d\u00e1 platn\u00e1 legislativa. \u010cIA nem\u00e1 v \u00famyslu p\u0159ed\u00e1vat osobn\u00ed \n\u00fadaje subjekt\u016f \u00fadaj\u016f do t\u0159et\u00ed zem\u011b nebo mezin\u00e1rodn\u00ed organizaci.<\/p>\n\n\n\n<h3 class=\"wp-block-heading\">VII.&nbsp; Doba zpracov\u00e1n\u00ed osobn\u00edch \u00fadaj\u016f<\/h3>\n\n\n\n<p>\u010cIA zpracov\u00e1v\u00e1 Va\u0161e osobn\u00ed \u00fadaje pouze po dobu nezbytnou k&nbsp;dosa\u017een\u00ed \n\u00fa\u010del\u016f uveden\u00fdch v&nbsp;\u010dl. II, kter\u00e1 \u010din\u00ed nejv\u00fd\u0161e deset let od roku, kdy \nskon\u010dil akredita\u010dn\u00ed cyklus, v&nbsp;n\u011bm\u017e do\u0161lo ke shrom\u00e1\u017ed\u011bn\u00ed osobn\u00edch \u00fadaj\u016f, \nskon\u010dilo jedn\u00e1n\u00ed o&nbsp;uzav\u0159en\u00ed smlouvy, jedn\u00e1n\u00ed s org\u00e1nem ve\u0159ejn\u00e9 moci \u010di \njin\u00e1 komunikace nebo v\u00fdm\u011bna informac\u00ed. Po odpadnut\u00ed prim\u00e1rn\u00edho \u00fa\u010delu \nzpracov\u00e1n\u00ed osobn\u00edch \u00fadaj\u016f \u010cIA \u00fadaje eviduje v&nbsp;nezbytn\u00e9m rozsahu po dobu \n10 let za \u00fa\u010delem ochrany sv\u00fdch opr\u00e1vn\u011bn\u00fdch z\u00e1jm\u016f, zejm\u00e9na k&nbsp;dokazov\u00e1n\u00ed v\n p\u0159\u00edpadn\u00e9m soudn\u00edm, spr\u00e1vn\u00edm \u010di jin\u00e9m \u0159\u00edzen\u00ed. V p\u0159\u00edpad\u011b uchaze\u010d\u016f o \nzam\u011bstn\u00e1n\u00ed nebo o&nbsp;jinou spolupr\u00e1ci \u010din\u00ed tato doba 5 let od skon\u010den\u00ed \nv\u00fdb\u011brov\u00e9ho \u0159\u00edzen\u00ed.<\/p>\n\n\n\n<h3 class=\"wp-block-heading\">VIII. Pr\u00e1va subjektu \u00fadaj\u016f<\/h3>\n\n\n\n<p>P\u0159i zpracov\u00e1n\u00ed osobn\u00edch \u00fadaj\u016f ze strany \u010cIA m\u00e1te n\u00e1sleduj\u00edc\u00ed pr\u00e1va t\u00fdkaj\u00edc\u00ed se ochrany Va\u0161ich osobn\u00edch \u00fadaj\u016f: &nbsp; <\/p>\n\n\n\n<p>a)&nbsp;&nbsp;&nbsp;&nbsp;&nbsp; Pr\u00e1vo po\u017eadovat od \u010cIA p\u0159\u00edstup k Va\u0161im osobn\u00edm \u00fadaj\u016fm. &nbsp; <\/p>\n\n\n\n<p>b)&nbsp;&nbsp;&nbsp;&nbsp;&nbsp; Pr\u00e1vo na opravu Va\u0161ich osobn\u00edch \u00fadaj\u016f, kter\u00e9 \u010cIA zpracov\u00e1v\u00e1. &nbsp; <\/p>\n\n\n\n<p>c)&nbsp;&nbsp;&nbsp; &nbsp; Pr\u00e1vo na omezen\u00ed zpracov\u00e1n\u00ed, to znamen\u00e1, \u017ee \u010cIA mus\u00ed Va\u0161e osobn\u00ed \u00fadaje, u nich\u017e bylo zpracov\u00e1n\u00ed omezeno, ozna\u010dit, a po dobu trv\u00e1n\u00ed omezen\u00ed je \u010cIA nesm\u00ed d\u00e1le zpracov\u00e1vat s v\u00fdjimkou jejich ulo\u017een\u00ed. <\/p>\n\n\n\n<p>Pr\u00e1vo na omezen\u00ed zpracov\u00e1n\u00ed m\u00e1te tehdy: &nbsp; &nbsp;&nbsp; &nbsp; &nbsp; &nbsp; &nbsp;  <\/p>\n\n\n\n<p>&#8211;&nbsp; jestli\u017ee pop\u00edr\u00e1te p\u0159esnost osobn\u00edch \u00fadaj\u016f, a to na dobu pot\u0159ebnou k tomu, aby \u010cIA mohl p\u0159esnost osobn\u00edch \u00fadaj\u016f ov\u011b\u0159it; &nbsp;&nbsp;&nbsp; &nbsp;&nbsp; &nbsp;&nbsp;&nbsp;&nbsp;&nbsp;&nbsp; <\/p>\n\n\n\n<p>&#8211;&nbsp; jestli\u017ee zpracov\u00e1n\u00ed je protipr\u00e1vn\u00ed a Vy odm\u00edt\u00e1te v\u00fdmaz osobn\u00edch \u00fadaj\u016f a \u017e\u00e1d\u00e1te m\u00edsto toho o omezen\u00ed jejich pou\u017eit\u00ed; &nbsp;&nbsp; &nbsp; &nbsp; &nbsp; &nbsp; &nbsp; &nbsp; <\/p>\n\n\n\n<p>&#8211;&nbsp; jestli\u017ee ji\u017e Va\u0161e osobn\u00ed \u00fadaje \u010cIA nepot\u0159ebuje pro vyjmenovan\u00e9 \u00fa\u010dely zpracov\u00e1n\u00ed, ale Vy je po\u017eadujete pro ur\u010den\u00ed, v\u00fdkon nebo obhajobu pr\u00e1vn\u00edch n\u00e1rok\u016f; &nbsp;&nbsp;&nbsp;&nbsp;&nbsp;&nbsp;&nbsp;&nbsp;&nbsp;&nbsp;&nbsp;&nbsp;&nbsp;&nbsp; <\/p>\n\n\n\n<p>&#8211;&nbsp; jestli\u017ee vzn\u00e1\u0161\u00edte n\u00e1mitku proti zpracov\u00e1n\u00ed uvedenou n\u00ed\u017ee v \u010dl\u00e1nku IX, dokud nebude ov\u011b\u0159eno, zda opr\u00e1vn\u011bn\u00e9 d\u016fvody \u010cIA pro zpracov\u00e1n\u00ed p\u0159eva\u017euj\u00ed nad Va\u0161imi z\u00e1jmy nebo pr\u00e1vy a svobodami. &nbsp; <\/p>\n\n\n\n<p>d)&nbsp;&nbsp;&nbsp; &nbsp; Pr\u00e1vo na v\u00fdmaz osobn\u00edch \u00fadaj\u016f, pokud neexistuje z\u00e1konn\u00e1 povinnost takov\u00e9 osobn\u00ed \u00fadaje uchovat. &nbsp;<\/p>\n\n\n\n<p>e)&nbsp;&nbsp;&nbsp;&nbsp;&nbsp; Pr\u00e1vo na p\u0159enositelnost \u00fadaj\u016f. M\u016f\u017eete \u017e\u00e1dat, aby V\u00e1m \u010cIA Va\u0161e osobn\u00ed \u00fadaje poskytl za \u00fa\u010delem jejich p\u0159ed\u00e1n\u00ed jin\u00e9mu spr\u00e1vci osobn\u00edch \u00fadaj\u016f, nebo aby je \u010cIA na Va\u0161i \u017e\u00e1dost s\u00e1m p\u0159edal jin\u00e9mu spr\u00e1vci osobn\u00edch \u00fadaj\u016f. Toto pr\u00e1vo v\u0161ak m\u00e1te pouze ohledn\u011b t\u011bch \u00fadaj\u016f, kter\u00e9 \u010cIA zpracov\u00e1v\u00e1 automatizovan\u011b na z\u00e1klad\u011b Va\u0161eho souhlasu nebo smlouvy s V\u00e1mi. &nbsp; <\/p>\n\n\n\n<p>f)&nbsp;&nbsp;&nbsp;&nbsp; &nbsp; Pr\u00e1vo podat st\u00ed\u017enost u dozorov\u00e9ho \u00fa\u0159adu, a to v p\u0159\u00edpad\u011b, \u017ee se domn\u00edv\u00e1te, \u017ee zpracov\u00e1n\u00edm osobn\u00edch \u00fadaj\u016f doch\u00e1z\u00ed k poru\u0161en\u00ed pr\u00e1vn\u00edch p\u0159edpis\u016f o ochran\u011b osobn\u00edch \u00fadaj\u016f. V \u010cesk\u00e9 republice je dozorov\u00fdm \u00fa\u0159adem \u00da\u0159ad pro ochranu osobn\u00edch \u00fadaj\u016f, Pplk. Sochora 27, 170 00 Praha 7, <a href=\"http:\/\/www.uoou.cz\" target=\"_blank\" rel=\"noreferrer noopener\">www.uoou.cz.<\/a> <\/p>\n\n\n\n<h3 class=\"wp-block-heading\">IX.&nbsp;&nbsp; Pr\u00e1vo vzn\u00e9st n\u00e1mitku proti zpracov\u00e1n\u00ed<\/h3>\n\n\n\n<p>V p\u0159\u00edpad\u011b, \u017ee Va\u0161e osobn\u00ed \u00fadaje \u010cIA zpracov\u00e1v\u00e1 pro \u00fa\u010dely opr\u00e1vn\u011bn\u00fdch \nz\u00e1jm\u016f sv\u00fdch nebo t\u0159et\u00edch stran (tedy na pr\u00e1vn\u00edm z\u00e1klad\u011b uveden\u00e9m v \u010dl. \nV.&nbsp;p\u00edsm. d), m\u00e1te kdykoli pr\u00e1vo vzn\u00e9st proti takov\u00e9mu zpracov\u00e1n\u00ed \nn\u00e1mitku. N\u00e1mitku m\u016f\u017eete uplatnit osobn\u011b, p\u00edsemn\u011b, elektronicky \nprost\u0159ednictv\u00edm informa\u010dn\u00edho syst\u00e9mu datov\u00fdch schr\u00e1nek nebo \nprost\u0159ednictv\u00edm e-mailu opat\u0159en\u00e9ho uzn\u00e1van\u00fdm elektronick\u00fdm podpisem na \np\u0159\u00edslu\u0161n\u00e9 adrese \u010cIA uveden\u00e9 v&nbsp;\u010dl. I. V&nbsp;p\u0159\u00edpad\u011b, \u017ee takovou n\u00e1mitku \nvznesete, bude \u010cIA opr\u00e1vn\u011bn v rozporovan\u00e9m zpracov\u00e1n\u00ed osobn\u00edch \u00fadaj\u016f \npokra\u010dovat jen pokud prok\u00e1\u017ee z\u00e1va\u017en\u00e9 opr\u00e1vn\u011bn\u00e9 d\u016fvody pro zpracov\u00e1n\u00ed, \nkter\u00e9 p\u0159eva\u017euj\u00ed nad Va\u0161imi z\u00e1jmy nebo pr\u00e1vy a&nbsp;svobodami, nebo pokud \np\u016fjde o zpracov\u00e1n\u00ed nezbytn\u00e9 pro ur\u010den\u00ed, v\u00fdkon nebo obhajobu pr\u00e1vn\u00edch \nn\u00e1rok\u016f.<\/p>\n\n\n\n<h3 class=\"wp-block-heading\">X.&nbsp;&nbsp;&nbsp;&nbsp; Pov\u011b\u0159enec pro ochranu osobn\u00edch \u00fadaj\u016f<\/h3>\n\n\n\n<p>\u010cIA postupem dle \u010dl. 37 GDPR jmenoval pov\u011b\u0159ence pro ochranu osobn\u00edch  \u00fadaj\u016f, j\u00edm\u017e je Mgr.&nbsp;Kamila&nbsp;Prokopcov\u00e1, advok\u00e1t, eviden\u010dn\u00ed \u010d\u00edslo \u010cesk\u00e9  advok\u00e1tn\u00ed komory 11592, se s\u00eddlem Karlovo n\u00e1m\u011bst\u00ed 19, Praha 2, 120 00.<\/p>\n\n\n\n<hr class=\"wp-block-separator has-css-opacity\"\/>\n\n\n\n<p><a href=\"http:\/\/www.cai.cz\/o-nas\/ochrana-osobnich-udaju.aspx#_ednref1\">[i]<\/a> Bli\u017e\u0161\u00ed informace o zpracov\u00e1n\u00ed osobn\u00edch \u00fadaj\u016f spojen\u00e9m s&nbsp;akreditac\u00ed naleznete v&nbsp;sekci \u010cast\u00e9 dotazy, odd\u00edlu <a href=\"https:\/\/www.cai.cz\/?page_id=2908\" target=\"_blank\" rel=\"noreferrer noopener\">Akredita\u010dn\u00ed proces a GDPR.<\/a><\/p>\n\n\n\n<hr class=\"wp-block-separator has-css-opacity is-style-wide\"\/>\n\n\n\n<p><strong>POKRA\u010cOVAT D\u00c1L:&nbsp;<\/strong>&nbsp;<br><a rel=\"noreferrer noopener\" href=\"https:\/\/www.cai.cz\/?page_id=1746\" target=\"_blank\"><span style=\"text-decoration: underline;\">\u00da\u0159edn\u00ed deska<\/span><\/a>   &nbsp;&nbsp;&gt;   &nbsp;&nbsp;<br><a rel=\"noreferrer noopener\" href=\"https:\/\/www.cai.cz\/?page_id=1762\" target=\"_blank\">Povinn\u011b zve\u0159ej\u0148ovan\u00e9 informace<\/a>   &nbsp;&nbsp;<a rel=\"noreferrer noopener\" href=\"https:\/\/www.cai.cz\/?page_id=12473\" target=\"_blank\">Prohl\u00e1\u0161en\u00ed o p\u0159\u00edstupnosti<\/a>   &nbsp;&nbsp;<a rel=\"noreferrer noopener\" href=\"https:\/\/www.cai.cz\/?page_id=1748\" target=\"_blank\">Informace poskytnut\u00e9 dle z\u00e1kona \u010d. 106\/1999 Sb.<\/a>   &nbsp;&nbsp;<a rel=\"noreferrer noopener\" href=\"https:\/\/www.cai.cz\/?page_id=17434\" target=\"_blank\">Podm\u00ednky pr\u00e1ce s&nbsp;cookies<\/a><br><br><span style=\"text-decoration: underline;\"><a rel=\"noreferrer noopener\" href=\"https:\/\/www.cai.cz\/?page_id=23\" target=\"_blank\">O n\u00e1s<\/a><\/span>   &nbsp;&nbsp;&gt;   &nbsp;&nbsp;<br><span style=\"text-decoration: underline;\"><a rel=\"noreferrer noopener\" href=\"https:\/\/www.cai.cz\/?page_id=1920\" target=\"_blank\">Statut\u00e1rn\u00ed dokumenty<\/a><\/span>   &nbsp;&nbsp;<span style=\"text-decoration: underline;\"><a rel=\"noreferrer noopener\" href=\"https:\/\/www.cai.cz\/?page_id=1923\" target=\"_blank\">Org\u00e1ny \u010cIA<\/a><\/span>   &nbsp;&nbsp;<a rel=\"noreferrer noopener\" href=\"https:\/\/www.cai.cz\/?page_id=2211\" target=\"_blank\"><span style=\"text-decoration: underline;\">Poradn\u00ed org\u00e1ny \u010cIA<\/span><\/a>   &nbsp;&nbsp;<span style=\"text-decoration: underline;\"><a rel=\"noreferrer noopener\" href=\"https:\/\/www.cai.cz\/?page_id=1925\" target=\"_blank\">V\u00fdro\u010dn\u00ed zpr\u00e1vy<\/a><\/span>   &nbsp;&nbsp;<a rel=\"noreferrer noopener\" href=\"https:\/\/www.cai.cz\/?page_id=1765\" target=\"_blank\">Legislativa<\/a>   &nbsp;&nbsp;<a rel=\"noreferrer noopener\" href=\"https:\/\/www.cai.cz\/?page_id=1963\" target=\"_blank\"><span style=\"text-decoration: underline;\">Publikace<\/span><\/a>   &nbsp;&nbsp;<span style=\"text-decoration: underline;\"><a rel=\"noreferrer noopener\" href=\"https:\/\/www.cai.cz\/?page_id=1753\" target=\"_blank\">CTN<\/a><\/span>   &nbsp;&nbsp;<a rel=\"noreferrer noopener\" href=\"https:\/\/www.cai.cz\/?page_id=1768\" target=\"_blank\"><span style=\"text-decoration: underline;\">Pracovn\u00ed nab\u00eddky<\/span><\/a>   &nbsp;&nbsp;<span style=\"text-decoration: underline;\"><a rel=\"noreferrer noopener\" href=\"https:\/\/www.cai.cz\/?page_id=1771\" target=\"_blank\">Ve\u0159ejn\u00e9 projedn\u00e1v\u00e1n\u00ed<\/a><\/span>   &nbsp;&nbsp;<br><span style=\"text-decoration: underline;\"><a rel=\"noreferrer noopener\" href=\"https:\/\/www.cai.cz\/?page_id=1928\" target=\"_blank\">Vz\u00e1jemn\u00e9 hodnocen\u00ed<\/a><\/span>   &nbsp;&nbsp;<span style=\"text-decoration: underline;\"><a rel=\"noreferrer noopener\" href=\"https:\/\/www.cai.cz\/?page_id=15395\" target=\"_blank\">Ochrana oznamovatel\u016f<\/a><\/span>   &nbsp;&nbsp;<span style=\"text-decoration: underline;\"><a rel=\"noreferrer noopener\" href=\"https:\/\/www.cai.cz\/?page_id=19432\" target=\"_blank\">Intern\u00ed protikorup\u010dn\u00ed program<\/a><\/span>   &nbsp;&nbsp;<span style=\"text-decoration: underline;\"><a rel=\"noreferrer noopener\" href=\"https:\/\/www.cai.cz\/?page_id=17508\" target=\"_blank\">Politika nestrannosti<\/a><\/span>   &nbsp;&nbsp;<span style=\"text-decoration: underline;\"><a href=\"https:\/\/www.cai.cz\/?page_id=1777\">Odkazy<\/a><\/span><\/p>\n","protected":false},"excerpt":{"rendered":"<p>INFORMACE O ZPRACOV\u00c1N\u00cd OSOBN\u00cdCH \u00daDAJ\u016e poskytovan\u00e9 podle \u010dl. 13 a 14 na\u0159\u00edzen\u00ed Evropsk\u00e9ho parlamentu a Rady (EU) 2016\/679 ze dne 27. dubna 2016 o&nbsp;ochran\u011b fyzick\u00fdch&hellip;<\/p>\n","protected":false},"author":2,"featured_media":0,"parent":23,"menu_order":8,"comment_status":"closed","ping_status":"closed","template":"","meta":{"_acf_changed":false,"_price":"","_stock":"","_tribe_ticket_header":"","_tribe_default_ticket_provider":"","_tribe_ticket_capacity":"0","_ticket_start_date":"","_ticket_end_date":"","_tribe_ticket_show_description":"","_tribe_ticket_show_not_going":false,"_tribe_ticket_use_global_stock":"","_tribe_ticket_global_stock_level":"","_global_stock_mode":"","_global_stock_cap":"","_tribe_rsvp_for_event":"","_tribe_ticket_going_count":"","_tribe_ticket_not_going_count":"","_tribe_tickets_list":"[]","_tribe_ticket_has_attendee_info_fields":false,"footnotes":"","_tec_slr_enabled":"","_tec_slr_layout":""},"class_list":["post-1774","page","type-page","status-publish","hentry"],"acf":[],"ticketed":false,"_links":{"self":[{"href":"https:\/\/www.cai.cz\/index.php?rest_route=\/wp\/v2\/pages\/1774","targetHints":{"allow":["GET"]}}],"collection":[{"href":"https:\/\/www.cai.cz\/index.php?rest_route=\/wp\/v2\/pages"}],"about":[{"href":"https:\/\/www.cai.cz\/index.php?rest_route=\/wp\/v2\/types\/page"}],"author":[{"embeddable":true,"href":"https:\/\/www.cai.cz\/index.php?rest_route=\/wp\/v2\/users\/2"}],"replies":[{"embeddable":true,"href":"https:\/\/www.cai.cz\/index.php?rest_route=%2Fwp%2Fv2%2Fcomments&post=1774"}],"version-history":[{"count":6,"href":"https:\/\/www.cai.cz\/index.php?rest_route=\/wp\/v2\/pages\/1774\/revisions"}],"predecessor-version":[{"id":19604,"href":"https:\/\/www.cai.cz\/index.php?rest_route=\/wp\/v2\/pages\/1774\/revisions\/19604"}],"up":[{"embeddable":true,"href":"https:\/\/www.cai.cz\/index.php?rest_route=\/wp\/v2\/pages\/23"}],"wp:attachment":[{"href":"https:\/\/www.cai.cz\/index.php?rest_route=%2Fwp%2Fv2%2Fmedia&parent=1774"}],"curies":[{"name":"wp","href":"https:\/\/api.w.org\/{rel}","templated":true}]}}