{"id":1789,"date":"2018-09-27T07:57:12","date_gmt":"2018-09-27T05:57:12","guid":{"rendered":"http:\/\/srvwww1.cai.internal\/?page_id=1789"},"modified":"2025-04-10T08:47:16","modified_gmt":"2025-04-10T06:47:16","slug":"svetovy-den-akreditace","status":"publish","type":"page","link":"https:\/\/www.cai.cz\/?page_id=1789","title":{"rendered":"Sv\u011btov\u00fd den akreditace"},"content":{"rendered":"\n<h4 class=\"wp-block-heading\">Slav\u00ed se ka\u017edoro\u010dn\u011b 9. \u010dervna.<br>Vyhl\u00e1\u0161en\u00ed za\u0161ti\u0165uje Mezin\u00e1rodn\u00ed akredita\u010dn\u00ed f\u00f3rum (IAF) a Mezin\u00e1rodn\u00ed sdru\u017een\u00ed pro akreditaci laborato\u0159\u00ed (ILAC). <\/h4>\n\n\n\n<h2 class=\"wp-block-heading\">2025<\/h2>\n\n\n<div class=\"wp-block-image\">\n<figure class=\"alignright size-thumbnail\"><img loading=\"lazy\" decoding=\"async\" width=\"150\" height=\"150\" src=\"https:\/\/www.cai.cz\/wp-content\/uploads\/2025\/02\/WAD2025-Poster-circle-150x150.png\" alt=\"\" class=\"wp-image-19857\" srcset=\"https:\/\/www.cai.cz\/wp-content\/uploads\/2025\/02\/WAD2025-Poster-circle-150x150.png 150w, https:\/\/www.cai.cz\/wp-content\/uploads\/2025\/02\/WAD2025-Poster-circle-300x300.png 300w, https:\/\/www.cai.cz\/wp-content\/uploads\/2025\/02\/WAD2025-Poster-circle-1024x1024.png 1024w, https:\/\/www.cai.cz\/wp-content\/uploads\/2025\/02\/WAD2025-Poster-circle-768x768.png 768w, https:\/\/www.cai.cz\/wp-content\/uploads\/2025\/02\/WAD2025-Poster-circle-1536x1536.png 1536w, https:\/\/www.cai.cz\/wp-content\/uploads\/2025\/02\/WAD2025-Poster-circle-2048x2048.png 2048w\" sizes=\"auto, (max-width: 150px) 100vw, 150px\" \/><\/figure>\n<\/div>\n\n\n<blockquote class=\"wp-block-quote is-layout-flow wp-block-quote-is-layout-flow\">\n<p>T\u00e9matem pro rok 2025 je <strong>&#8222;Akreditace: Posilov\u00e1n\u00ed mal\u00fdch a st\u0159edn\u00edch podnik\u016f&#8220;<\/strong> a zam\u011b\u0159uje se na   to, jak jsou mal\u00e9 a st\u0159edn\u00ed podniky z\u00e1sadn\u00ed pro glob\u00e1ln\u00ed ekonomiku, podn\u011bcuj\u00ed inovace, vytv\u00e1\u0159ej\u00ed pracovn\u00ed m\u00edsta a podporuj\u00ed m\u00edstn\u00ed komunity.<\/p>\n\n\n\n<p>Dal\u0161\u00ed informace jsou dostupn\u00e9 v p\u0159ilo\u017een\u00e9m videu, prohl\u00e1\u0161en\u00ed a bro\u017eu\u0159e.<\/p>\n\n\n\n<p>Zdroj informac\u00ed je k dispozici na str\u00e1nk\u00e1ch <a rel=\"noreferrer noopener\" href=\"https:\/\/ilac.org\/news-and-events\/world-accreditation-day\/world-accreditation-day-archive\/world-accreditation-day-2025\/\" target=\"_blank\">ILAC<\/a>.<\/p>\n<\/blockquote>\n\n\n\n<p><\/p>\n\n\n\n<figure class=\"wp-block-embed is-type-video is-provider-youtube wp-block-embed-youtube wp-embed-aspect-16-9 wp-has-aspect-ratio\"><div class=\"wp-block-embed__wrapper\">\n<iframe loading=\"lazy\" title=\"WAD 2025 - Accreditation: Empowering Small and Medium Enterprises (SMEs)\" width=\"843\" height=\"474\" src=\"https:\/\/www.youtube.com\/embed\/VSZHDfhdhFo?feature=oembed\" frameborder=\"0\" allow=\"accelerometer; autoplay; clipboard-write; encrypted-media; gyroscope; picture-in-picture; web-share\" referrerpolicy=\"strict-origin-when-cross-origin\" allowfullscreen><\/iframe>\n<\/div><\/figure>\n\n\n\n<div class=\"wp-block-file\"><a id=\"wp-block-file--media-bf7a4210-a5d7-4014-b4df-78bf4c196ef2\" href=\"https:\/\/www.cai.cz\/wp-content\/uploads\/2025\/04\/Joint_Statement_WAD2025.pdf\" target=\"_blank\" rel=\"noreferrer noopener\">Joint Statement 2025<\/a><a href=\"https:\/\/www.cai.cz\/wp-content\/uploads\/2025\/04\/Joint_Statement_WAD2025.pdf\" class=\"wp-block-file__button wp-element-button\" download aria-describedby=\"wp-block-file--media-bf7a4210-a5d7-4014-b4df-78bf4c196ef2\">St\u00e1hnout<\/a><\/div>\n\n\n\n<div data-wp-interactive=\"core\/file\" class=\"wp-block-file\"><object data-wp-bind--hidden=\"!state.hasPdfPreview\" hidden class=\"wp-block-file__embed\" data=\"https:\/\/www.cai.cz\/wp-content\/uploads\/2025\/04\/Brochure-WAD2025.pdf\" type=\"application\/pdf\" style=\"width:100%;height:600px\" aria-label=\"Vlo\u017eit z Brochure WAD2025.\"><\/object><a id=\"wp-block-file--media-61e2d41d-7625-4849-aaf0-1f6d860404ce\" href=\"https:\/\/www.cai.cz\/wp-content\/uploads\/2025\/04\/Brochure-WAD2025.pdf\" target=\"_blank\" rel=\"noreferrer noopener\">Brochure WAD2025<\/a><a href=\"https:\/\/www.cai.cz\/wp-content\/uploads\/2025\/04\/Brochure-WAD2025.pdf\" class=\"wp-block-file__button wp-element-button\" download aria-describedby=\"wp-block-file--media-61e2d41d-7625-4849-aaf0-1f6d860404ce\">St\u00e1hnout<\/a><\/div>\n\n\n\n<!--nextpage-->\n\n\n\n<h2 class=\"wp-block-heading\">2024<\/h2>\n\n\n<div class=\"wp-block-image\">\n<figure class=\"alignright size-full is-resized\"><img loading=\"lazy\" decoding=\"async\" src=\"https:\/\/www.cai.cz\/wp-content\/uploads\/2024\/04\/WAD-2024-Poster.png\" alt=\"\" class=\"wp-image-18471\" width=\"225\" height=\"191\" srcset=\"https:\/\/www.cai.cz\/wp-content\/uploads\/2024\/04\/WAD-2024-Poster.png 900w, https:\/\/www.cai.cz\/wp-content\/uploads\/2024\/04\/WAD-2024-Poster-300x255.png 300w, https:\/\/www.cai.cz\/wp-content\/uploads\/2024\/04\/WAD-2024-Poster-768x653.png 768w\" sizes=\"auto, (max-width: 225px) 100vw, 225px\" \/><\/figure>\n<\/div>\n\n\n<blockquote class=\"wp-block-quote is-layout-flow wp-block-quote-is-layout-flow\">\n<p>T\u00e9matem pro rok 2024 je <strong>&#8222;Akreditace: Pos\u00edlen\u00ed z\u00edt\u0159ka a utv\u00e1\u0159en\u00ed budoucnosti&#8220;<\/strong> a c\u00edlem tohoto t\u00e9matu je podtrhnout roli, kterou m\u016f\u017ee akreditace hr\u00e1t p\u0159i utv\u00e1\u0159en\u00ed r\u016fzn\u00fdch aspekt\u016f \u017eivota, od technologi\u00ed k doprav\u011b, udr\u017eitelnosti k bezpe\u010dnosti a inkluzivity k inovac\u00edm, proto\u017ee digitalizace, nov\u00e9 technologie a rostouc\u00ed obavy z udr\u017eitelnosti neust\u00e1le m\u011bn\u00ed n\u00e1\u0161 sv\u011bt.<br><br>Dal\u0161\u00ed informace jsou dostupn\u00e9 v p\u0159ilo\u017een\u00e9m videu, prohl\u00e1\u0161en\u00ed a bro\u017eu\u0159e.<\/p>\n<\/blockquote>\n\n\n\n<figure class=\"wp-block-embed is-type-video is-provider-youtube wp-block-embed-youtube wp-embed-aspect-16-9 wp-has-aspect-ratio\"><div class=\"wp-block-embed__wrapper\">\n<iframe loading=\"lazy\" title=\"WAD 2024 - Accreditation: Empowering Tomorrow and Shaping the Future\" width=\"843\" height=\"474\" src=\"https:\/\/www.youtube.com\/embed\/eSg78XxcyM8?feature=oembed\" frameborder=\"0\" allow=\"accelerometer; autoplay; clipboard-write; encrypted-media; gyroscope; picture-in-picture; web-share\" referrerpolicy=\"strict-origin-when-cross-origin\" allowfullscreen><\/iframe>\n<\/div><\/figure>\n\n\n\n<div class=\"wp-block-file\"><a id=\"wp-block-file--media-6103193a-e36d-49bc-86ae-1fe9c089805e\" href=\"https:\/\/www.cai.cz\/wp-content\/uploads\/2024\/04\/Joint-Statement_WAD2024.pdf\" target=\"_blank\" rel=\"noreferrer noopener\">Joint Statement 2024<\/a><a href=\"https:\/\/www.cai.cz\/wp-content\/uploads\/2024\/04\/Joint-Statement_WAD2024.pdf\" class=\"wp-block-file__button wp-element-button\" download aria-describedby=\"wp-block-file--media-6103193a-e36d-49bc-86ae-1fe9c089805e\">St\u00e1hnout<\/a><\/div>\n\n\n\n<div data-wp-interactive=\"core\/file\" class=\"wp-block-file\"><object data-wp-bind--hidden=\"!state.hasPdfPreview\" hidden class=\"wp-block-file__embed\" data=\"https:\/\/www.cai.cz\/wp-content\/uploads\/2024\/04\/Brochure_WAD2024_IAFILAC_V06.pdf\" type=\"application\/pdf\" style=\"width:100%;height:600px\" aria-label=\"Vlo\u017eit z WAD2024 Brochure IAF\/ILAC V06.\"><\/object><a id=\"wp-block-file--media-b39726a0-43e7-4700-9000-f4ba5a5a3d70\" href=\"https:\/\/www.cai.cz\/wp-content\/uploads\/2024\/04\/Brochure_WAD2024_IAFILAC_V06.pdf\" target=\"_blank\" rel=\"noreferrer noopener\">WAD2024 Brochure IAF\/ILAC V06<\/a><a href=\"https:\/\/www.cai.cz\/wp-content\/uploads\/2024\/04\/Brochure_WAD2024_IAFILAC_V06.pdf\" class=\"wp-block-file__button wp-element-button\" download aria-describedby=\"wp-block-file--media-b39726a0-43e7-4700-9000-f4ba5a5a3d70\">St\u00e1hnout<\/a><\/div>\n\n\n\n<hr class=\"wp-block-separator has-css-opacity\"\/>\n\n\n\n<!--nextpage-->\n\n\n\n<h2 class=\"wp-block-heading\">2023<\/h2>\n\n\n\n<blockquote class=\"wp-block-quote is-layout-flow wp-block-quote-is-layout-flow\">\n<p>T\u00e9matem pro rok 2023 je <strong>&#8222;Akreditace: Podpora budoucnosti glob\u00e1ln\u00edho trhu&#8220;<\/strong> a jeho c\u00edlem je upozornit na to, jak se akreditace a posuzov\u00e1n\u00ed shody p\u0159izp\u016fsobuj\u00ed glob\u00e1ln\u00edmu obchodu, technologick\u00e9mu pokroku, zm\u011bn\u00e1m v chov\u00e1n\u00ed spot\u0159ebitel\u016f a regulovan\u00e9mu prost\u0159ed\u00ed, nov\u00fdm mechanism\u016fm d\u016fv\u011bry a m\u011bn\u00edc\u00edm se obchodn\u00edm model\u016fm.<\/p>\n<\/blockquote>\n\n\n\n<div class=\"wp-block-file\"><a id=\"wp-block-file--media-1a8cac69-b1ca-4472-9ffe-f3906624bd9c\" href=\"https:\/\/www.cai.cz\/wp-content\/uploads\/2023\/06\/Joint-Statemennt-2023.pdf\" target=\"_blank\" rel=\"noreferrer noopener\">Joint Statement 2023<\/a><a href=\"https:\/\/www.cai.cz\/wp-content\/uploads\/2023\/06\/Joint-Statemennt-2023.pdf\" class=\"wp-block-file__button wp-element-button\" download aria-describedby=\"wp-block-file--media-1a8cac69-b1ca-4472-9ffe-f3906624bd9c\">St\u00e1hnout<\/a><\/div>\n\n\n\n<div data-wp-interactive=\"core\/file\" class=\"wp-block-file\"><object data-wp-bind--hidden=\"!state.hasPdfPreview\" hidden class=\"wp-block-file__embed\" data=\"https:\/\/www.cai.cz\/wp-content\/uploads\/2023\/06\/WAD2023-Brochure-WEB_V2.pdf\" type=\"application\/pdf\" style=\"width:100%;height:600px\" aria-label=\"Vlo\u017eit z WAD2023 Brochure WEB V2.\"><\/object><a id=\"wp-block-file--media-f6cd4149-7261-4811-8d72-6170551d63fb\" href=\"https:\/\/www.cai.cz\/wp-content\/uploads\/2023\/06\/WAD2023-Brochure-WEB_V2.pdf\" target=\"_blank\" rel=\"noreferrer noopener\">WAD2023 Brochure WEB V2<\/a><a href=\"https:\/\/www.cai.cz\/wp-content\/uploads\/2023\/06\/WAD2023-Brochure-WEB_V2.pdf\" class=\"wp-block-file__button wp-element-button\" download aria-describedby=\"wp-block-file--media-f6cd4149-7261-4811-8d72-6170551d63fb\">St\u00e1hnout<\/a><\/div>\n\n\n\n<hr class=\"wp-block-separator has-css-opacity\"\/>\n\n\n\n<!--nextpage-->\n\n\n\n<h2 style=\"text-align: left;\">2022<\/h2>\n\n\n<div class=\"wp-block-image is-style-default\">\n<figure class=\"alignright size-full is-resized\"><img loading=\"lazy\" decoding=\"async\" src=\"https:\/\/www.cai.cz\/wp-content\/uploads\/2022\/05\/WADThumbnail-1.png\" alt=\"\" class=\"wp-image-15467\" width=\"289\" height=\"203\"\/><\/figure>\n<\/div>\n\n\n<blockquote>\n<p>T\u00e9matem leto\u0161n\u00edho Sv\u011btov\u00e9ho dne akreditace je <strong>udr\u017eitelnost hospod\u00e1\u0159sk\u00e9ho r\u016fstu a \u017eivotn\u00edho prost\u0159ed\u00ed.<\/strong><\/p>\n<p>Sv\u011btov\u00e1 ekonomika je do zna\u010dn\u00e9 m\u00edry z\u00e1visl\u00e1 na zdrav\u00fdch ekosyst\u00e9mech, a p\u0159esto tyto ekosyst\u00e9my nad\u00e1le vystavujeme obrovsk\u00e9mu stresu a spot\u0159ebov\u00e1v\u00e1me jejich zdroje alarmuj\u00edc\u00edm tempem. Akreditace m\u016f\u017ee spolu s dal\u0161\u00edmi n\u00e1stroji infrastruktury kvality, v\u010detn\u011b metrologie, standardizace, posuzov\u00e1n\u00ed shody a dozoru nad trhem, podpo\u0159it p\u0159echod k udr\u017eiteln\u00e9mu hospod\u00e1\u0159stv\u00ed a udr\u017eiteln\u011bj\u0161\u00edm form\u00e1m v\u00fdroby.<\/p>\n<p>V\u00edce informac\u00ed o tom, jak m\u016f\u017ee akreditace podpo\u0159it udr\u017eitelnost, lze z\u00edskat na webov\u00fdch str\u00e1nk\u00e1ch <a href=\"https:\/\/publicsectorassurance.org\/\" target=\"_blank\" rel=\"noopener\">Public Sector Assurance<\/a> a <a href=\"https:\/\/business-benefits.org\/\" target=\"_blank\" rel=\"noopener\">Business Benefits<\/a>, kter\u00e9 obsahuj\u00ed p\u0159\u00edpadov\u00e9 studie, v\u00fdzkumy a podp\u016frn\u00e9 materi\u00e1ly prokazuj\u00edc\u00ed p\u0159\u00ednosy a hodnotu akreditace.<\/p>\n<\/blockquote>\n<p>&nbsp;<\/p>\n\n\n<h3 style=\"text-align: center;\">Informa\u010dn\u00ed bro\u017eura ke Sv\u011btov\u00e9mu dni akreditace<\/h3>\n\n\n<div data-wp-interactive=\"core\/file\" class=\"wp-block-file\"><object data-wp-bind--hidden=\"!state.hasPdfPreview\" hidden class=\"wp-block-file__embed\" data=\"https:\/\/www.cai.cz\/wp-content\/uploads\/2022\/05\/WAD2022-Brochure-WEB-V2.pdf\" type=\"application\/pdf\" style=\"width:100%;height:600px\" aria-label=\"Vlo\u017eit z WAD2022 Brochure WEB V2.\"><\/object><a id=\"wp-block-file--media-f72d0853-eeee-4994-928b-8d48d0fb4361\" href=\"https:\/\/www.cai.cz\/wp-content\/uploads\/2022\/05\/WAD2022-Brochure-WEB-V2.pdf\" target=\"_blank\" rel=\"noreferrer noopener\">WAD2022 Brochure WEB V2<\/a><a href=\"https:\/\/www.cai.cz\/wp-content\/uploads\/2022\/05\/WAD2022-Brochure-WEB-V2.pdf\" class=\"wp-block-file__button wp-element-button\" download aria-describedby=\"wp-block-file--media-f72d0853-eeee-4994-928b-8d48d0fb4361\">St\u00e1hnout<\/a><\/div>\n\n\n\n<hr class=\"wp-block-separator has-css-opacity\"\/>\n\n\n\n<!--nextpage-->\n\n\n\n<h2>2021<\/h2>\n\n\n\n<figure class=\"wp-block-image\"><img loading=\"lazy\" decoding=\"async\" width=\"1653\" height=\"2338\" src=\"https:\/\/www.cai.cz\/wp-content\/uploads\/2021\/06\/Poster-editable.jpg\" alt=\"\" class=\"wp-image-14223\"\/><\/figure>\n\n\n\n<div class=\"wp-block-media-text alignwide has-media-on-the-right\">\n<figure class=\"wp-block-media-text__media\"><\/figure>\n<div class=\"wp-block-media-text__content\">&nbsp;<\/div>\n<\/div>\n\n\n\n<p>Akreditace a\nspolu s n\u00ed i dal\u0161\u00ed instituce v oblasti infrastruktury kvality, zejm\u00e9na &nbsp;metrologie, normalizace, posuzov\u00e1n\u00ed shody a\ndohledu nad trhem, jsou kl\u00ed\u010dov\u00fdmi prvky podpory c\u00edl\u016f udr\u017eiteln\u00e9ho rozvoje a t\u0159\u00ed\nvz\u00e1jemn\u011b souvisej\u00edc\u00edch tematick\u00fdch priorit: vytv\u00e1\u0159en\u00ed sd\u00edlen\u00e9 prosperity,\nzvy\u0161ov\u00e1n\u00ed ekonomick\u00e9 konkurenceschopnosti a ochrana \u017eivotn\u00edho prost\u0159ed\u00ed.\nAkreditace podporuje politick\u00e9 c\u00edle v oblastech, jako je mezin\u00e1rodn\u00ed obchod,\nbezpe\u010dnost potravin, ochrana zdrav\u00ed a \u017eivotn\u00edho prost\u0159ed\u00ed a rozvoj pr\u016fmyslov\u00e9\ninfrastruktury. Poskytuje d\u016fv\u011bryhodnou platformu pro v\u00fdvoj a ov\u011b\u0159ov\u00e1n\u00ed\npo\u017eadavk\u016f na produkty nebo slu\u017eby a pom\u00e1h\u00e1 zajistit, aby v\u00fdrobky a slu\u017eby spl\u0148ovaly\nspecifick\u00e9 po\u017eadavky.<\/p>\n\n\n\n<p>Ned\u00e1vno vydan\u00e1\npublikace UNIDO \u201eKvalita a standardy, jejich role v reakci na COVID-19\u201c, kter\u00e1\nzkoum\u00e1 \u00fa\u010dinky pandemie COVID-19 na obchod, zd\u016fraz\u0148uje d\u016fle\u017eitou roli, kterou\nm\u016f\u017ee akreditace sehr\u00e1t p\u0159i zm\u00edr\u0148ov\u00e1n\u00ed negativn\u00edch dopad\u016f a podpo\u0159e c\u00edl\u016f\nudr\u017eiteln\u00e9ho rozvoje.<\/p>\n\n\n\n<p>Po cel\u00e9m sv\u011bt\u011b\ndoch\u00e1z\u00ed k&nbsp;pokrok\u016fm p\u0159i napl\u0148ov\u00e1n\u00ed t\u011bchto c\u00edl\u016f. T\u00e9ma leto\u0161n\u00edho Sv\u011btov\u00e9ho\ndne akreditace bylo vybr\u00e1no proto, abychom p\u0159ipomn\u011bli, \u017ee jedn\u00edm\nz&nbsp;v\u00fdznamn\u00fdch benefit\u016f akreditace je podpora p\u0159i implementaci c\u00edl\u016f\nudr\u017eiteln\u00e9ho rozvoje. Akreditace je d\u016fle\u017eit\u00fdm a relevantn\u00edm n\u00e1strojem i v&nbsp;dne\u0161n\u00edch\n\u010dasech, v dob\u011b \u010dtvrt\u00e9 pr\u016fmyslov\u00e9 revoluce, rychl\u00fdch technologick\u00fdch inovac\u00ed. <\/p>\n\n\n\n<p>Ka\u017ed\u00fd subjekt posuzov\u00e1n\u00ed shody\nm\u016f\u017ee v\u00fdznamn\u011b p\u0159isp\u011bt k&nbsp;napln\u011bn\u00ed c\u00edl\u016f udr\u017eiteln\u00e9ho rozvoje. <\/p>\n\n\n\n<hr class=\"wp-block-separator has-css-opacity\"\/>\n\n\n\n<div class=\"wp-block-file\"><a id=\"wp-block-file--media-06d8fcad-3ef2-40f8-800b-5261b6e118fa\" href=\"https:\/\/www.cai.cz\/wp-content\/uploads\/2021\/06\/Brozura_ke_svetovemu_dni_akreditace.pdf\" target=\"_blank\" rel=\"noreferrer noopener\">Publikace ke Sv\u011btov\u00e9mu dni akreditace 2021<\/a><a href=\"https:\/\/www.cai.cz\/wp-content\/uploads\/2021\/06\/Brozura_ke_svetovemu_dni_akreditace.pdf\" class=\"wp-block-file__button wp-element-button\" download aria-describedby=\"wp-block-file--media-06d8fcad-3ef2-40f8-800b-5261b6e118fa\">St\u00e1hnout<\/a><\/div>\n\n\n\n<hr class=\"wp-block-separator has-css-opacity\"\/>\n\n\n\n<h4 class=\"wp-block-heading\">Toto video od IAF a ILAC vysv\u011btluje, jak akreditace pom\u00e1h\u00e1 uspokojovat pot\u0159eby lid\u00ed. Video je opat\u0159eno \u010desk\u00fdmi titulky, kter\u00e9 lze vybrat v nastaven\u00ed.<\/h4>\n\n\n\n<figure class=\"wp-block-embed is-type-video is-provider-youtube wp-block-embed-youtube wp-embed-aspect-16-9 wp-has-aspect-ratio\"><div class=\"wp-block-embed__wrapper\">\n<iframe loading=\"lazy\" title=\"WAD 2021 - Meeting the needs of people - Accreditation: Supporting the implementation of SDGs\" width=\"843\" height=\"474\" src=\"https:\/\/www.youtube.com\/embed\/qqViC-qA6Ww?feature=oembed\" frameborder=\"0\" allow=\"accelerometer; autoplay; clipboard-write; encrypted-media; gyroscope; picture-in-picture; web-share\" referrerpolicy=\"strict-origin-when-cross-origin\" allowfullscreen><\/iframe>\n<\/div><\/figure>\n\n\n\n<hr class=\"wp-block-separator has-css-opacity\"\/>\n\n\n\n<!--nextpage-->\n\n\n\n<h2 class=\"wp-block-heading\">2020<\/h2>\n\n\n<div class=\"wp-block-image\">\n<figure class=\"aligncenter\"><img loading=\"lazy\" decoding=\"async\" width=\"570\" height=\"819\" src=\"https:\/\/www.cai.cz\/wp-content\/uploads\/2020\/06\/wad2020.png\" alt=\"\" class=\"wp-image-13159\"\/><\/figure>\n<\/div>\n\n\n<div class=\"wp-block-file\"><a id=\"wp-block-file--media-90e2f5ef-d332-4b29-97c8-c03022e0f619\" href=\"https:\/\/www.cai.cz\/wp-content\/uploads\/2020\/06\/WAD-2020-brochure-web-version.pdf\" target=\"_blank\" rel=\"noreferrer noopener\">WAD 2020 brochure web version<\/a><a href=\"https:\/\/www.cai.cz\/wp-content\/uploads\/2020\/06\/WAD-2020-brochure-web-version.pdf\" class=\"wp-block-file__button wp-element-button\" download aria-describedby=\"wp-block-file--media-90e2f5ef-d332-4b29-97c8-c03022e0f619\">St\u00e1hnout<\/a><\/div>\n\n\n\n<!--nextpage-->\n\n\n\n<h2 class=\"wp-block-heading\">2019<\/h2>\n\n\n<div class=\"wp-block-image\">\n<figure class=\"aligncenter is-resized\"><a href=\"https:\/\/ilac.org\/news-and-events\/world-accreditation-day-2019\/\"><img loading=\"lazy\" decoding=\"async\" src=\"https:\/\/www.cai.cz\/wp-content\/uploads\/2019\/05\/WAD_poster.png\" alt=\"\" class=\"wp-image-11511\" width=\"321\" height=\"454\"\/><\/a><\/figure>\n<\/div>\n\n\n<div class=\"wp-block-file\"><a id=\"wp-block-file--media-12f49a90-b626-4916-91e5-16991ed6c3df\" href=\"https:\/\/www.cai.cz\/wp-content\/uploads\/2019\/05\/WAD_Brochure_2019.pdf\" target=\"_blank\" rel=\"noopener\">WAD Brochure 2019<\/a><a href=\"https:\/\/www.cai.cz\/wp-content\/uploads\/2019\/05\/WAD_Brochure_2019.pdf\" class=\"wp-block-file__button wp-element-button\" download aria-describedby=\"wp-block-file--media-12f49a90-b626-4916-91e5-16991ed6c3df\">St\u00e1hnout<\/a><\/div>\n\n\n\n<!--nextpage-->\n\n\n\n<h2 class=\"wp-block-heading\">2018<\/h2>\n\n\n<div class=\"wp-block-image\">\n<figure class=\"aligncenter\"><img loading=\"lazy\" decoding=\"async\" width=\"618\" height=\"347\" src=\"https:\/\/www.cai.cz\/wp-content\/uploads\/2019\/02\/cia_svetovy-den-ak_2018_618x347_jpg.png\" alt=\"\" class=\"wp-image-2866\" srcset=\"https:\/\/www.cai.cz\/wp-content\/uploads\/2019\/02\/cia_svetovy-den-ak_2018_618x347_jpg.png 618w, https:\/\/www.cai.cz\/wp-content\/uploads\/2019\/02\/cia_svetovy-den-ak_2018_618x347_jpg-300x168.png 300w\" sizes=\"auto, (max-width: 618px) 100vw, 618px\" \/><figcaption class=\"wp-element-caption\">       <br>  &nbsp;9. \u010derven byl vyhl\u00e1\u0161en Mezin\u00e1rodn\u00edm akredita\u010dn\u00edm f\u00f3rem (IAF) a Mezin\u00e1rodn\u00edm sdru\u017een\u00edm pro akreditaci laborato\u0159\u00ed (ILAC) jako Sv\u011btov\u00fd den akreditace.<\/figcaption><\/figure>\n<\/div>\n\n\n<div class=\"wp-block-file\"><a id=\"wp-block-file--media-e7be92c3-ee49-4709-bfe3-e8534c3c29dd\" href=\"https:\/\/www.cai.cz\/wp-content\/uploads\/2019\/02\/WAD_Brochure_2018__Medium_Res.pdf\" target=\"_blank\" rel=\"noreferrer noopener\">WAD Brochure 2018<\/a><a href=\"https:\/\/www.cai.cz\/wp-content\/uploads\/2019\/02\/WAD_Brochure_2018__Medium_Res.pdf\" class=\"wp-block-file__button wp-element-button\" download aria-describedby=\"wp-block-file--media-e7be92c3-ee49-4709-bfe3-e8534c3c29dd\">St\u00e1hnout<\/a><\/div>\n\n\n\n<figure class=\"wp-block-embed aligncenter is-type-video is-provider-youtube wp-block-embed-youtube wp-embed-aspect-16-9 wp-has-aspect-ratio\"><div class=\"wp-block-embed__wrapper\">\n<iframe loading=\"lazy\" title=\"Sv\u011btov\u00fd den akreditace 2018\" width=\"843\" height=\"474\" src=\"https:\/\/www.youtube.com\/embed\/-SWcAPhuw7I?feature=oembed\" frameborder=\"0\" allow=\"accelerometer; autoplay; clipboard-write; encrypted-media; gyroscope; picture-in-picture; web-share\" referrerpolicy=\"strict-origin-when-cross-origin\" allowfullscreen><\/iframe>\n<\/div><\/figure>\n\n\n\n<hr class=\"wp-block-separator has-css-opacity is-style-wide\"\/>\n\n\n\n<p><strong>POKRA\u010cOVAT D\u00c1L:<\/strong>&nbsp;<br><a href=\"https:\/\/www.cai.cz\/?page_id=55\">Mezin\u00e1rodn\u00ed spolupr\u00e1ce &gt;<\/a>   <a href=\"https:\/\/www.cai.cz\/?page_id=1780\">Publikace a dokumenty <\/a>&nbsp; <a href=\"https:\/\/www.cai.cz\/?page_id=1783\">Zahrani\u010dn\u00ed projekty \u010cIA<\/a> &nbsp; <a href=\"https:\/\/www.cai.cz\/?page_id=1786\">Rezoluce EA, ILAC, IAF<\/a>&nbsp; <a href=\"https:\/\/www.cai.cz\/?page_id=1792\">Multilater\u00e1ln\u00ed dohody o vz\u00e1jemn\u00e9m uzn\u00e1v\u00e1n\u00ed MLA\/MRA<\/a>&nbsp;&nbsp; <a href=\"https:\/\/www.cai.cz\/?page_id=1795\">Public Sector Assurance<\/a><\/p>\n\n\n<p><!--EndFragment--><\/p>\n<p>\u00a0<\/p>","protected":false},"excerpt":{"rendered":"<p>Slav\u00ed se ka\u017edoro\u010dn\u011b 9. \u010dervna.Vyhl\u00e1\u0161en\u00ed za\u0161ti\u0165uje Mezin\u00e1rodn\u00ed akredita\u010dn\u00ed f\u00f3rum (IAF) a Mezin\u00e1rodn\u00ed sdru\u017een\u00ed pro akreditaci laborato\u0159\u00ed (ILAC). 2025 T\u00e9matem pro rok 2025 je &#8222;Akreditace: Posilov\u00e1n\u00ed&hellip;<\/p>\n","protected":false},"author":2,"featured_media":0,"parent":55,"menu_order":4,"comment_status":"closed","ping_status":"closed","template":"","meta":{"_acf_changed":false,"_price":"","_stock":"","_tribe_ticket_header":"","_tribe_default_ticket_provider":"","_tribe_ticket_capacity":"0","_ticket_start_date":"","_ticket_end_date":"","_tribe_ticket_show_description":"","_tribe_ticket_show_not_going":false,"_tribe_ticket_use_global_stock":"","_tribe_ticket_global_stock_level":"","_global_stock_mode":"","_global_stock_cap":"","_tribe_rsvp_for_event":"","_tribe_ticket_going_count":"","_tribe_ticket_not_going_count":"","_tribe_tickets_list":"[]","_tribe_ticket_has_attendee_info_fields":false,"footnotes":"","_tec_slr_enabled":"","_tec_slr_layout":""},"class_list":["post-1789","page","type-page","status-publish","hentry"],"acf":[],"ticketed":false,"_links":{"self":[{"href":"https:\/\/www.cai.cz\/index.php?rest_route=\/wp\/v2\/pages\/1789","targetHints":{"allow":["GET"]}}],"collection":[{"href":"https:\/\/www.cai.cz\/index.php?rest_route=\/wp\/v2\/pages"}],"about":[{"href":"https:\/\/www.cai.cz\/index.php?rest_route=\/wp\/v2\/types\/page"}],"author":[{"embeddable":true,"href":"https:\/\/www.cai.cz\/index.php?rest_route=\/wp\/v2\/users\/2"}],"replies":[{"embeddable":true,"href":"https:\/\/www.cai.cz\/index.php?rest_route=%2Fwp%2Fv2%2Fcomments&post=1789"}],"version-history":[{"count":49,"href":"https:\/\/www.cai.cz\/index.php?rest_route=\/wp\/v2\/pages\/1789\/revisions"}],"predecessor-version":[{"id":20106,"href":"https:\/\/www.cai.cz\/index.php?rest_route=\/wp\/v2\/pages\/1789\/revisions\/20106"}],"up":[{"embeddable":true,"href":"https:\/\/www.cai.cz\/index.php?rest_route=\/wp\/v2\/pages\/55"}],"wp:attachment":[{"href":"https:\/\/www.cai.cz\/index.php?rest_route=%2Fwp%2Fv2%2Fmedia&parent=1789"}],"curies":[{"name":"wp","href":"https:\/\/api.w.org\/{rel}","templated":true}]}}