{"id":12602,"date":"2020-01-23T12:58:41","date_gmt":"2020-01-23T11:58:41","guid":{"rendered":"https:\/\/www.cai.cz\/?post_type=tribe_events&#038;p=12602"},"modified":"2020-10-19T11:21:19","modified_gmt":"2020-10-19T09:21:19","slug":"seminar-k-prm-2019-obor-delka","status":"publish","type":"tribe_events","link":"https:\/\/www.cai.cz\/?tribe_events=seminar-k-prm-2019-obor-delka","title":{"rendered":"Semin\u00e1\u0159 k PRM 2019 &#8211; obor d\u00e9lka"},"content":{"rendered":"<p>V\u00e1\u017een\u00ed \u00fa\u010dastn\u00edci semin\u00e1\u0159e,<\/p>\r\n<p>jak jsme V\u00e1s ji\u017e informovali, nebude semin\u00e1\u0159 k PRM &#8211; obor d\u00e9lka organizov\u00e1n prezen\u010dn\u00ed formou v n\u00e1hradn\u00edm term\u00ednu 20.10.2020. V n\u00e1vaznosti na mimo\u0159\u00e1dn\u00e1 opat\u0159en\u00ed vyhl\u00e1\u0161en\u00e1 vl\u00e1dou \u010cR ke dni 05.10.2020 <strong>bude semin\u00e1\u0159 realizov\u00e1n formou zp\u0159\u00edstupn\u011bn\u00ed nahran\u00fdch prezentac\u00ed v\u0161ech p\u0159edn\u00e1\u0161ej\u00edc\u00edch po stanovenou dobu a sborn\u00edku dostupn\u00e9ho v elektronick\u00e9 form\u011b ke sta\u017een\u00ed.<\/strong><\/p>\r\n<p>Pro ot\u00e1zky k prezentac\u00edm bude d\u00e1le z\u0159\u00edzen emailov\u00fd \u00fa\u010det, obdr\u017een\u00e9 dotazy budou zodpov\u011bzeny p\u00edsemn\u011b.<\/p>\r\n<p>Term\u00edn pro uve\u0159ejn\u011bn\u00ed nahran\u00fdch prezentac\u00ed je 30.11.2020 a dostupn\u00e9 budou n\u00e1sleduj\u00edc\u00edch 14 dn\u016f. P\u0159\u00edstupov\u00e9 informace budou zasl\u00e1ny v\u0161em \u00fa\u010dastn\u00edk\u016fm emailem.<\/p>\r\n<p>Omlouv\u00e1me se za zm\u011bny v organizaci semin\u00e1\u0159e a d\u011bkujeme za pochopen\u00ed \u010dasov\u00e9 prodlevy nutn\u00e9 k zaji\u0161t\u011bn\u00ed nahr\u00e1vek a z\u0159\u00edzen\u00ed bezpe\u010dn\u00e9ho p\u0159\u00edstupu.<\/p>\r\n<p>Organiza\u010dn\u00ed t\u00fdm \u010cIA<\/p>\r\n<hr class=\"wp-block-separator is-style-wide\" \/><!-- \/wp:post-content -->\r\n\r\n<!-- wp:heading -->\r\n<h2><a href=\"http:\/\/eshop.cai.cz\/\">E-shop \u010cIA &#8211; p\u0159ihl\u00e1\u0161ka na webin\u00e1\u0159<\/a><\/h2>\r\n<!-- \/wp:heading -->\r\n\r\n<!-- wp:paragraph -->\r\n<p>Pro p\u0159ihl\u00e1\u0161en\u00ed vyu\u017eijte n\u00e1\u0161 e-shop. Po odesl\u00e1n\u00ed objedn\u00e1vky na vybran\u00fd semin\u00e1\u0159 obdr\u017e\u00edte potvrzen\u00ed s informacemi o platb\u011b.<\/p>\r\n<hr class=\"wp-block-separator is-style-wide\" \/>\r\n<h2>Program<\/h2>\r\n<table style=\"width: 107.033%; height: 66px;\">\r\n<tbody>\r\n<tr style=\"height: 56px;\">\r\n<td style=\"width: 132.794%; height: 8px;\" width=\"375\">\r\n<p><strong>Stanovov\u00e1n\u00ed CMC laborato\u0159\u00ed a sjednocov\u00e1n\u00ed metodiky v\u00fdpo\u010dtu nejistot<\/strong> (Ing. Martin Valenta, \u010cIA)<\/p>\r\n<\/td>\r\n<\/tr>\r\n<tr style=\"height: 56px;\">\r\n<td style=\"width: 132.794%; height: 8px;\" width=\"375\">\r\n<p><strong>Mo\u017en\u00e9 vlivy na velikost nejistot p\u0159i m\u011b\u0159en\u00ed d\u00e9lky<\/strong> (Ing. Franti\u0161ek Dvo\u0159\u00e1\u010dek, \u010cMI)<\/p>\r\n<\/td>\r\n<\/tr>\r\n<tr style=\"height: 56px;\">\r\n<td style=\"width: 132.794%; height: 8px;\" width=\"375\">\r\n<p><strong>Posuvn\u00e1 a mikrometrick\u00e1 m\u011b\u0159idla<\/strong> (Ing. Franti\u0161ek Dvo\u0159\u00e1\u010dek)<\/p>\r\n<\/td>\r\n<\/tr>\r\n<tr style=\"height: 56px;\">\r\n<td style=\"width: 132.794%; height: 8px;\" width=\"375\">\r\n<p><strong>Koncov\u00e9 m\u011brky<\/strong> (Ing. Franti\u0161ek Dvo\u0159\u00e1\u010dek)<\/p>\r\n<\/td>\r\n<\/tr>\r\n<tr style=\"height: 56px;\">\r\n<td style=\"width: 132.794%; height: 8px;\" width=\"375\">\r\n<p><strong>\u010c\u00e1rkov\u00e1 m\u011b\u0159idla<\/strong> (Ing. Franti\u0161ek Dvo\u0159\u00e1\u010dek)<\/p>\r\n<\/td>\r\n<\/tr>\r\n<tr style=\"height: 56px;\">\r\n<td style=\"width: 132.794%; height: 8px;\" width=\"375\">\r\n<p><strong>\u010c\u00edseln\u00edkov\u00e9 \u00fachylkom\u011bry a kalibrace m\u011b\u0159idel na d\u00e9lkom\u011bru<\/strong> (Ing. Franti\u0161ek Dvo\u0159\u00e1\u010dek)<\/p>\r\n<\/td>\r\n<\/tr>\r\n<tr style=\"height: 56px;\">\r\n<td style=\"width: 132.794%; height: 8px;\" width=\"375\">\r\n<p><strong>V\u00fdstupy \u00fakolu PRM 2019 VII\/5\/19 a jejich implementace<\/strong> (Ing. Martin Valenta)<\/p>\r\n<\/td>\r\n<\/tr>\r\n<tr style=\"height: 56px;\">\r\n<td style=\"width: 132.794%; height: 10px;\" width=\"375\">\r\n<p><strong>Praktick\u00e9 vyu\u017eit\u00ed v\u00fdsledk\u016f PRM a p\u0159\u00edloha osv\u011bd\u010den\u00ed o akreditaci<\/strong> (Ing. Martin Valenta)<\/p>\r\n<\/td>\r\n<\/tr>\r\n<\/tbody>\r\n<\/table>\r\n<!-- \/wp:paragraph -->\r\n\r\n<!-- wp:heading -->\r\n<h2>\u00a0<\/h2>","protected":false},"excerpt":{"rendered":"<p>V\u00e1\u017een\u00ed \u00fa\u010dastn\u00edci semin\u00e1\u0159e, jak jsme V\u00e1s ji\u017e informovali, nebude semin\u00e1\u0159 k PRM &#8211; obor d\u00e9lka organizov\u00e1n prezen\u010dn\u00ed formou v n\u00e1hradn\u00edm term\u00ednu 20.10.2020. V n\u00e1vaznosti na&hellip;<\/p>\n","protected":false},"author":2,"featured_media":0,"template":"","meta":{"_acf_changed":false,"_price":"","_stock":"","_tribe_ticket_header":"","_tribe_default_ticket_provider":"","_tribe_ticket_capacity":"0","_ticket_start_date":"","_ticket_end_date":"","_tribe_ticket_show_description":"","_tribe_ticket_show_not_going":false,"_tribe_ticket_use_global_stock":"","_tribe_ticket_global_stock_level":"","_global_stock_mode":"","_global_stock_cap":"","_tribe_rsvp_for_event":"","_tribe_ticket_going_count":"","_tribe_ticket_not_going_count":"","_tribe_tickets_list":"[]","_tribe_ticket_has_attendee_info_fields":false,"_tribe_events_status":"","_tribe_events_status_reason":"","footnotes":"","_tec_slr_enabled":"","_tec_slr_layout":""},"tags":[79],"tribe_events_cat":[91],"class_list":["post-12602","tribe_events","type-tribe_events","status-publish","hentry","tag-seminar","tribe_events_cat-seminar","cat_seminar"],"acf":[],"ticketed":false,"_links":{"self":[{"href":"https:\/\/www.cai.cz\/index.php?rest_route=\/wp\/v2\/tribe_events\/12602","targetHints":{"allow":["GET"]}}],"collection":[{"href":"https:\/\/www.cai.cz\/index.php?rest_route=\/wp\/v2\/tribe_events"}],"about":[{"href":"https:\/\/www.cai.cz\/index.php?rest_route=\/wp\/v2\/types\/tribe_events"}],"author":[{"embeddable":true,"href":"https:\/\/www.cai.cz\/index.php?rest_route=\/wp\/v2\/users\/2"}],"version-history":[{"count":17,"href":"https:\/\/www.cai.cz\/index.php?rest_route=\/wp\/v2\/tribe_events\/12602\/revisions"}],"predecessor-version":[{"id":13506,"href":"https:\/\/www.cai.cz\/index.php?rest_route=\/wp\/v2\/tribe_events\/12602\/revisions\/13506"}],"wp:attachment":[{"href":"https:\/\/www.cai.cz\/index.php?rest_route=%2Fwp%2Fv2%2Fmedia&parent=12602"}],"wp:term":[{"taxonomy":"post_tag","embeddable":true,"href":"https:\/\/www.cai.cz\/index.php?rest_route=%2Fwp%2Fv2%2Ftags&post=12602"},{"taxonomy":"tribe_events_cat","embeddable":true,"href":"https:\/\/www.cai.cz\/index.php?rest_route=%2Fwp%2Fv2%2Ftribe_events_cat&post=12602"}],"curies":[{"name":"wp","href":"https:\/\/api.w.org\/{rel}","templated":true}]}}