{"id":18745,"date":"2024-07-02T12:01:04","date_gmt":"2024-07-02T10:01:04","guid":{"rendered":"https:\/\/www.cai.cz\/?post_type=tribe_events&#038;p=18745"},"modified":"2024-09-20T11:05:40","modified_gmt":"2024-09-20T09:05:40","slug":"system-kvality-brno-23-10-2024","status":"publish","type":"tribe_events","link":"https:\/\/www.cai.cz\/?tribe_events=system-kvality-brno-23-10-2024","title":{"rendered":"Syst\u00e9m kvality &#8211; Brno (23. 10. 2024)"},"content":{"rendered":"<p>V\u00e1\u017een\u00ed z\u00e1kazn\u00edci, kolegov\u00e9 a partne\u0159i,<\/p>\n<p>dovolte n\u00e1m, abychom V\u00e1s informovali, \u017ee \u010cesk\u00fd institut pro akreditaci, o.p.s. (\u010cIA) po\u0159\u00e1d\u00e1 letos na podzim semin\u00e1\u0159, kter\u00fd je ur\u010den pro vedouc\u00ed, mana\u017eery kvality, intern\u00ed auditory nebo metrology akreditovan\u00fdch subjekt\u016f, ale i pro dal\u0161\u00ed z\u00e1jemce<i>.<\/i><\/p>\n<p>T\u00e9mata vzd\u011bl\u00e1vac\u00edch semin\u00e1\u0159\u016f vych\u00e1zej\u00ed z nej\u010dast\u011bji \u0159e\u0161en\u00fdch probl\u00e9m\u016f v syst\u00e9mech managementu a tak\u00e9 z Va\u0161ich n\u00e1m\u011bt\u016f a p\u0159ipom\u00ednek. P\u0159ipravovan\u00e9 p\u0159edn\u00e1\u0161ky vych\u00e1zej\u00ed ze zku\u0161enost\u00ed z posuzov\u00e1n\u00ed a poskytnou tak\u00e9 dal\u0161\u00ed informace z\u00a0\u010dinnosti \u010cIA.<\/p>\n<p>Vzhledem k\u00a0obecn\u00e9mu v\u00fdvoji posledn\u00edch let, kter\u00fd je charakterizov\u00e1n rychl\u00fdmi zm\u011bnami, na n\u011b\u017e mus\u00edme v\u0161ichni reagovat, jsme jako jedno z\u00a0hlavn\u00edch t\u00e9mat zvolili pr\u00e1ci s\u00a0riziky. Dal\u0161\u00edm nosn\u00fdm t\u00e9matem semin\u00e1\u0159e je obecn\u00fd vhled na principy n\u00e1vrhu, implementace a zm\u011bny v\u00a0syst\u00e9mech managementu nejen akreditovan\u00fdch subjekt\u016f posuzov\u00e1n\u00ed shody. V\u00a0r\u00e1mci semin\u00e1\u0159e se samoz\u0159ejm\u011b dozv\u00edte tak\u00e9 nejnov\u011bj\u0161\u00ed informace z\u00a0\u010cIA, \u010di informace o chyb\u00e1ch ve vypo\u0159\u00e1d\u00e1n\u00ed neshod.<\/p>\n<p>Pevn\u011b v\u011b\u0159\u00edme, \u017ee t\u00e9mata semin\u00e1\u0159e budou p\u0159\u00ednosem pro Va\u0161i pr\u00e1ci.<\/p>\n<p>T\u011b\u0161\u00edme se na setk\u00e1n\u00ed\u00a0 s V\u00e1mi.<\/p>\n<p>Ing. Pavel Nosek<br \/>\n1. n\u00e1m\u011bstek \u0159editele \u010cesk\u00e9ho institutu pro akreditaci, o.p.s.<\/p>\n<p>&nbsp;<\/p>\n<p><span style=\"font-size: 18pt;\"><a href=\"https:\/\/www.cai.cz\/wp-content\/uploads\/2024\/07\/Pozvanka_Brno_System-kvality.pdf\">Pozv\u00e1nka_Brno_Syst\u00e9m kvality<\/a><\/span><\/p>\n<p>Pro p\u0159ihl\u00e1\u0161en\u00ed na semin\u00e1\u0159 vyu\u017eijte n\u00e1\u0161 e-shop. Po odesl\u00e1n\u00ed objedn\u00e1vky na vybran\u00fd semin\u00e1\u0159 obdr\u017e\u00edte potvrzen\u00ed s informacemi o platb\u011b.<\/p>\n<h1><span style=\"color: #ff0000;\">Registrace na semin\u00e1\u0159 byly z kapacitn\u00edch d\u016fvod\u016f ukon\u010deny!<\/span><\/h1>\n<h3><\/h3>\n","protected":false},"excerpt":{"rendered":"<p>V\u00e1\u017een\u00ed z\u00e1kazn\u00edci, kolegov\u00e9 a partne\u0159i, dovolte n\u00e1m, abychom V\u00e1s informovali, \u017ee \u010cesk\u00fd institut pro akreditaci, o.p.s. (\u010cIA) po\u0159\u00e1d\u00e1 letos na podzim semin\u00e1\u0159, kter\u00fd je ur\u010den&hellip;<\/p>\n","protected":false},"author":14,"featured_media":0,"template":"","meta":{"_acf_changed":false,"_price":"","_stock":"","_tribe_ticket_header":"","_tribe_default_ticket_provider":"","_tribe_ticket_capacity":"0","_ticket_start_date":"","_ticket_end_date":"","_tribe_ticket_show_description":"","_tribe_ticket_show_not_going":false,"_tribe_ticket_use_global_stock":"","_tribe_ticket_global_stock_level":"","_global_stock_mode":"","_global_stock_cap":"","_tribe_rsvp_for_event":"","_tribe_ticket_going_count":"","_tribe_ticket_not_going_count":"","_tribe_tickets_list":"[]","_tribe_ticket_has_attendee_info_fields":false,"_tribe_events_status":"","_tribe_events_status_reason":"","footnotes":"","_tec_slr_enabled":"","_tec_slr_layout":""},"tags":[492,79],"tribe_events_cat":[91],"class_list":["post-18745","tribe_events","type-tribe_events","status-publish","hentry","tag-aktualita","tag-seminar","tribe_events_cat-seminar","cat_seminar"],"acf":[],"ticketed":false,"_links":{"self":[{"href":"https:\/\/www.cai.cz\/index.php?rest_route=\/wp\/v2\/tribe_events\/18745","targetHints":{"allow":["GET"]}}],"collection":[{"href":"https:\/\/www.cai.cz\/index.php?rest_route=\/wp\/v2\/tribe_events"}],"about":[{"href":"https:\/\/www.cai.cz\/index.php?rest_route=\/wp\/v2\/types\/tribe_events"}],"author":[{"embeddable":true,"href":"https:\/\/www.cai.cz\/index.php?rest_route=\/wp\/v2\/users\/14"}],"version-history":[{"count":5,"href":"https:\/\/www.cai.cz\/index.php?rest_route=\/wp\/v2\/tribe_events\/18745\/revisions"}],"predecessor-version":[{"id":19024,"href":"https:\/\/www.cai.cz\/index.php?rest_route=\/wp\/v2\/tribe_events\/18745\/revisions\/19024"}],"wp:attachment":[{"href":"https:\/\/www.cai.cz\/index.php?rest_route=%2Fwp%2Fv2%2Fmedia&parent=18745"}],"wp:term":[{"taxonomy":"post_tag","embeddable":true,"href":"https:\/\/www.cai.cz\/index.php?rest_route=%2Fwp%2Fv2%2Ftags&post=18745"},{"taxonomy":"tribe_events_cat","embeddable":true,"href":"https:\/\/www.cai.cz\/index.php?rest_route=%2Fwp%2Fv2%2Ftribe_events_cat&post=18745"}],"curies":[{"name":"wp","href":"https:\/\/api.w.org\/{rel}","templated":true}]}}